{"id":50,"date":"2022-03-02T12:35:25","date_gmt":"2022-03-02T11:35:25","guid":{"rendered":"http:\/\/romandvoracek.eu\/?page_id=50"},"modified":"2024-12-17T08:10:41","modified_gmt":"2024-12-17T07:10:41","slug":"aktualne","status":"publish","type":"page","link":"https:\/\/vvelektro.cz\/?page_id=50","title":{"rendered":"Aktu\u00e1ln\u011b"},"content":{"rendered":"\n<h2>Jan\u00e1\u010dkova vila Boskovice &#8211; 2025<\/h2>\n\n\n\n<p>Zapo\u010dali jsme s rekonstrukc\u00ed elektroinstalac\u00ed v historick\u00e9m objektu Jan\u00e1\u010dkovy vily.<\/p>\n\n\n\n<figure class=\"wp-block-image size-full\"><img decoding=\"async\" loading=\"lazy\" width=\"640\" height=\"480\" src=\"https:\/\/vvelektro.cz\/wp-content\/uploads\/2024\/12\/2024-11-05-08-08-44-461.jpeg\" alt=\"\" class=\"wp-image-193\" srcset=\"https:\/\/vvelektro.cz\/wp-content\/uploads\/2024\/12\/2024-11-05-08-08-44-461.jpeg 640w, https:\/\/vvelektro.cz\/wp-content\/uploads\/2024\/12\/2024-11-05-08-08-44-461-300x225.jpeg 300w\" sizes=\"(max-width: 640px) 100vw, 640px\" \/><\/figure>\n\n\n\n<h2>Rezidence Rostislavovo n\u00e1m\u011bst\u00ed v&nbsp;Kr\u00e1lov\u011b Poli, Brno &#8211; 2024-2025<\/h2>\n\n\n\n<p>Realizujeme silnoproud\u00e9 a slaboproud\u00e9 rozvody v projektu spole\u010dnosti Diverse Develop.<\/p>\n\n\n\n<figure class=\"wp-block-image size-full\"><img decoding=\"async\" loading=\"lazy\" width=\"1000\" height=\"563\" src=\"https:\/\/vvelektro.cz\/wp-content\/uploads\/2024\/12\/012cb85bca3bf247103b3eabbce3a20f_1715255334.jpg\" alt=\"\" class=\"wp-image-189\" srcset=\"https:\/\/vvelektro.cz\/wp-content\/uploads\/2024\/12\/012cb85bca3bf247103b3eabbce3a20f_1715255334.jpg 1000w, https:\/\/vvelektro.cz\/wp-content\/uploads\/2024\/12\/012cb85bca3bf247103b3eabbce3a20f_1715255334-300x169.jpg 300w, https:\/\/vvelektro.cz\/wp-content\/uploads\/2024\/12\/012cb85bca3bf247103b3eabbce3a20f_1715255334-768x432.jpg 768w\" sizes=\"(max-width: 1000px) 100vw, 1000px\" \/><\/figure>\n\n\n\n<h2>Rekonstrukce osv\u011btlen\u00ed kinos\u00e1lu Panorama Boskovice &#8211; listopad 2024<\/h2>\n\n\n\n<p>V\u00fdm\u011bna st\u00e1vaj\u00edc\u00edho osv\u011btlen\u00ed za designov\u00e9 podsv\u00edcen\u00ed LED.<\/p>\n\n\n\n<figure class=\"wp-block-image size-full\"><img decoding=\"async\" loading=\"lazy\" width=\"640\" height=\"480\" src=\"https:\/\/vvelektro.cz\/wp-content\/uploads\/2024\/12\/IMG_5823.jpeg\" alt=\"\" class=\"wp-image-208\" srcset=\"https:\/\/vvelektro.cz\/wp-content\/uploads\/2024\/12\/IMG_5823.jpeg 640w, https:\/\/vvelektro.cz\/wp-content\/uploads\/2024\/12\/IMG_5823-300x225.jpeg 300w\" sizes=\"(max-width: 640px) 100vw, 640px\" \/><\/figure>\n\n\n\n<h2>V\u00e1noce jsou tu!<\/h2>\n\n\n\n<p>V\u00e1no\u010dn\u00ed v\u00fdzdoba boskovick\u00e9ho n\u00e1m\u011bst\u00ed pro V\u00e1noce 2024.<\/p>\n\n\n\n<figure class=\"wp-block-image size-full\"><img decoding=\"async\" loading=\"lazy\" width=\"480\" height=\"640\" src=\"https:\/\/vvelektro.cz\/wp-content\/uploads\/2024\/12\/IMG_6007.jpeg\" alt=\"\" class=\"wp-image-187\" srcset=\"https:\/\/vvelektro.cz\/wp-content\/uploads\/2024\/12\/IMG_6007.jpeg 480w, https:\/\/vvelektro.cz\/wp-content\/uploads\/2024\/12\/IMG_6007-225x300.jpeg 225w\" sizes=\"(max-width: 480px) 100vw, 480px\" \/><\/figure>\n\n\n\n<h2>LD Seating<\/h2>\n\n\n\n<p>Stali jsme se v\u00fdhradn\u00edm dodavatelem elektroinstalac\u00ed a reviz\u00ed pro spole\u010dnost LD Seating Boskovice.<\/p>\n\n\n\n<figure class=\"wp-block-image size-large is-resized\"><img decoding=\"async\" loading=\"lazy\" src=\"https:\/\/vvelektro.cz\/wp-content\/uploads\/2024\/12\/FIT-768x1024.webp\" alt=\"\" class=\"wp-image-196\" width=\"478\" height=\"637\" srcset=\"https:\/\/vvelektro.cz\/wp-content\/uploads\/2024\/12\/FIT-768x1024.webp 768w, https:\/\/vvelektro.cz\/wp-content\/uploads\/2024\/12\/FIT-225x300.webp 225w, https:\/\/vvelektro.cz\/wp-content\/uploads\/2024\/12\/FIT-1152x1536.webp 1152w, https:\/\/vvelektro.cz\/wp-content\/uploads\/2024\/12\/FIT-1536x2048.webp 1536w, https:\/\/vvelektro.cz\/wp-content\/uploads\/2024\/12\/FIT.webp 1920w\" sizes=\"(max-width: 478px) 100vw, 478px\" \/><\/figure>\n\n\n\n<h2>Platebn\u00ed automat pro ve\u0159ejn\u00e9 WC v Boskovic\u00edch &#8211; listopad 2024<\/h2>\n\n\n\n<p>Dod\u00e1vka a instalace platebn\u00edho automatu. <\/p>\n\n\n\n<figure class=\"wp-block-image size-full\"><img decoding=\"async\" loading=\"lazy\" width=\"480\" height=\"640\" src=\"https:\/\/vvelektro.cz\/wp-content\/uploads\/2024\/12\/IMG_5880.jpeg\" alt=\"\" class=\"wp-image-194\" srcset=\"https:\/\/vvelektro.cz\/wp-content\/uploads\/2024\/12\/IMG_5880.jpeg 480w, https:\/\/vvelektro.cz\/wp-content\/uploads\/2024\/12\/IMG_5880-225x300.jpeg 225w\" sizes=\"(max-width: 480px) 100vw, 480px\" \/><\/figure>\n\n\n\n<h2>Oprava VN kopky Minerva Boskovice &#8211; listopad 2024<\/h2>\n\n\n\n<p>Trafostanice Minerva Boskovice.<\/p>\n\n\n\n<figure class=\"wp-block-image size-full\"><img decoding=\"async\" loading=\"lazy\" width=\"640\" height=\"360\" src=\"https:\/\/vvelektro.cz\/wp-content\/uploads\/2024\/12\/4FD9FFCC-80CC-45D3-BD8A-1021C692D637.jpeg\" alt=\"\" class=\"wp-image-184\" srcset=\"https:\/\/vvelektro.cz\/wp-content\/uploads\/2024\/12\/4FD9FFCC-80CC-45D3-BD8A-1021C692D637.jpeg 640w, https:\/\/vvelektro.cz\/wp-content\/uploads\/2024\/12\/4FD9FFCC-80CC-45D3-BD8A-1021C692D637-300x169.jpeg 300w\" sizes=\"(max-width: 640px) 100vw, 640px\" \/><\/figure>\n\n\n\n<h2>Rekonstrukce pokoj\u016f klient\u016f v MSSS DPS Sadov\u00e1, Boskovice &#8211; 2024<\/h2>\n\n\n\n<p>Rekonstrukce elektroinstalace p\u011bti pokoj\u016f klient\u016f.<\/p>\n\n\n\n<figure class=\"wp-block-image size-full\"><img decoding=\"async\" loading=\"lazy\" width=\"800\" height=\"600\" src=\"https:\/\/vvelektro.cz\/wp-content\/uploads\/2024\/12\/ds-dzr-04.jpg\" alt=\"\" class=\"wp-image-191\" srcset=\"https:\/\/vvelektro.cz\/wp-content\/uploads\/2024\/12\/ds-dzr-04.jpg 800w, https:\/\/vvelektro.cz\/wp-content\/uploads\/2024\/12\/ds-dzr-04-300x225.jpg 300w, https:\/\/vvelektro.cz\/wp-content\/uploads\/2024\/12\/ds-dzr-04-768x576.jpg 768w\" sizes=\"(max-width: 800px) 100vw, 800px\" \/><figcaption class=\"wp-element-caption\">OLYMPUS DIGITAL CAMERA<\/figcaption><\/figure>\n\n\n\n<h2>Rekonstrukce byt\u016f klient\u016f v MSSS Havl\u00ed\u010dkova, Boskovice &#8211; 2024-2025<\/h2>\n\n\n\n<p>Rekonstrukce elektroinstalace dev\u00edti byt\u016f klient\u016f.<\/p>\n\n\n\n<figure class=\"wp-block-image size-full\"><img decoding=\"async\" loading=\"lazy\" width=\"680\" height=\"382\" src=\"https:\/\/vvelektro.cz\/wp-content\/uploads\/2024\/12\/2023-12-19.jpg\" alt=\"\" class=\"wp-image-181\" srcset=\"https:\/\/vvelektro.cz\/wp-content\/uploads\/2024\/12\/2023-12-19.jpg 680w, https:\/\/vvelektro.cz\/wp-content\/uploads\/2024\/12\/2023-12-19-300x169.jpg 300w\" sizes=\"(max-width: 680px) 100vw, 680px\" \/><\/figure>\n\n\n\n<h2>Rekonstrukce z\u00e1kladn\u00ed \u0161koly Mokr\u00e1-Hor\u00e1kov &#8211; \u010derven-z\u00e1\u0159\u00ed 2024<\/h2>\n\n\n\n<p>Kompletn\u00ed rekonstrukce budov Z\u0160 Mokr\u00e1-Hor\u00e1kov. Prov\u00e1d\u011bly se rekonstrukce silnoproud\u00fdch a slaboproud\u00fdch instalac\u00ed.<\/p>\n\n\n\n<figure class=\"wp-block-image size-full\"><img decoding=\"async\" loading=\"lazy\" width=\"680\" height=\"510\" src=\"https:\/\/vvelektro.cz\/wp-content\/uploads\/2024\/12\/2020-01-10.jpg\" alt=\"\" class=\"wp-image-178\" srcset=\"https:\/\/vvelektro.cz\/wp-content\/uploads\/2024\/12\/2020-01-10.jpg 680w, https:\/\/vvelektro.cz\/wp-content\/uploads\/2024\/12\/2020-01-10-300x225.jpg 300w\" sizes=\"(max-width: 680px) 100vw, 680px\" \/><\/figure>\n\n\n\n<figure class=\"wp-block-image size-full\"><img decoding=\"async\" loading=\"lazy\" width=\"640\" height=\"480\" src=\"https:\/\/vvelektro.cz\/wp-content\/uploads\/2024\/12\/IMG_5838.jpeg\" alt=\"\" class=\"wp-image-185\" srcset=\"https:\/\/vvelektro.cz\/wp-content\/uploads\/2024\/12\/IMG_5838.jpeg 640w, https:\/\/vvelektro.cz\/wp-content\/uploads\/2024\/12\/IMG_5838-300x225.jpeg 300w\" sizes=\"(max-width: 640px) 100vw, 640px\" \/><\/figure>\n\n\n\n<h2>Partner volejbalov\u00e9ho t\u00fdmu Boskovice<\/h2>\n\n\n\n<p>Sponzorujeme \u017eensk\u00fd volejbalov\u00fd t\u00fdm Boskovice.<\/p>\n\n\n\n<figure class=\"wp-block-image size-full\"><img decoding=\"async\" loading=\"lazy\" width=\"640\" height=\"360\" src=\"https:\/\/vvelektro.cz\/wp-content\/uploads\/2024\/12\/5ff84610-a9e3-4db9-ada6-25b4c63c07f3.jpeg\" alt=\"\" class=\"wp-image-176\" srcset=\"https:\/\/vvelektro.cz\/wp-content\/uploads\/2024\/12\/5ff84610-a9e3-4db9-ada6-25b4c63c07f3.jpeg 640w, https:\/\/vvelektro.cz\/wp-content\/uploads\/2024\/12\/5ff84610-a9e3-4db9-ada6-25b4c63c07f3-300x169.jpeg 300w\" sizes=\"(max-width: 640px) 100vw, 640px\" \/><\/figure>\n\n\n\n<h2>Koncert Jakuba Smol\u00edka v Boskovic\u00edch 7.12.2024<\/h2>\n\n\n\n<p>Jsme hlavn\u00edm partnerem koncertu Jakuba Smol\u00edka.<\/p>\n\n\n\n<figure class=\"wp-block-image size-full\"><img decoding=\"async\" loading=\"lazy\" width=\"444\" height=\"640\" src=\"https:\/\/vvelektro.cz\/wp-content\/uploads\/2024\/12\/Jakub-Smolik_plakat.jpeg\" alt=\"\" class=\"wp-image-174\" srcset=\"https:\/\/vvelektro.cz\/wp-content\/uploads\/2024\/12\/Jakub-Smolik_plakat.jpeg 444w, https:\/\/vvelektro.cz\/wp-content\/uploads\/2024\/12\/Jakub-Smolik_plakat-208x300.jpeg 208w\" sizes=\"(max-width: 444px) 100vw, 444px\" \/><\/figure>\n\n\n\n<h2>BOZACON 2024<\/h2>\n\n\n\n<p>Jsme op\u011bt hlavn\u00edm partnerem boskovick\u00e9 akce BOZACON.<\/p>\n\n\n\n<figure class=\"wp-block-image size-full is-resized\"><img decoding=\"async\" loading=\"lazy\" src=\"https:\/\/vvelektro.cz\/wp-content\/uploads\/2024\/04\/VaVelektro_BC.png\" alt=\"\" class=\"wp-image-167\" width=\"353\" height=\"532\" srcset=\"https:\/\/vvelektro.cz\/wp-content\/uploads\/2024\/04\/VaVelektro_BC.png 600w, https:\/\/vvelektro.cz\/wp-content\/uploads\/2024\/04\/VaVelektro_BC-199x300.png 199w\" sizes=\"(max-width: 353px) 100vw, 353px\" \/><\/figure>\n\n\n\n<h2>K-Aerobic Blansko &#8211; sezona 2024\/2025<\/h2>\n\n\n\n<p>Op\u011bt sponzorujeme sportovn\u00ed klub K-Aerobic Blansko. Dal\u0161\u00ed sezona je tu, jist\u011b bude \u00fasp\u011b\u0161n\u00e1, jako ta minul\u00e1. Zisk titulu Mistr \u010cR a Vicemistr \u010cR. Gratulujeme!<\/p>\n\n\n\n<figure class=\"wp-block-image size-large\"><img decoding=\"async\" loading=\"lazy\" width=\"1024\" height=\"768\" src=\"https:\/\/vvelektro.cz\/wp-content\/uploads\/2024\/03\/IMG_2752-1024x768.jpeg\" alt=\"\" class=\"wp-image-163\" srcset=\"https:\/\/vvelektro.cz\/wp-content\/uploads\/2024\/03\/IMG_2752-1024x768.jpeg 1024w, https:\/\/vvelektro.cz\/wp-content\/uploads\/2024\/03\/IMG_2752-300x225.jpeg 300w, https:\/\/vvelektro.cz\/wp-content\/uploads\/2024\/03\/IMG_2752-768x576.jpeg 768w, https:\/\/vvelektro.cz\/wp-content\/uploads\/2024\/03\/IMG_2752-1536x1152.jpeg 1536w, https:\/\/vvelektro.cz\/wp-content\/uploads\/2024\/03\/IMG_2752-2048x1536.jpeg 2048w\" sizes=\"(max-width: 1024px) 100vw, 1024px\" \/><\/figure>\n\n\n\n<h2>ColorProfi Boskovice &#8211; instalace p\u0159\u00edvod\u016f, nov\u00e9ho rozvad\u011b\u010de RH a nov\u00e9 kompenzace RK<\/h2>\n\n\n\n<figure class=\"wp-block-image size-large is-resized\"><img decoding=\"async\" loading=\"lazy\" src=\"https:\/\/vvelektro.cz\/wp-content\/uploads\/2024\/03\/IMG_2438-768x1024.jpeg\" alt=\"\" class=\"wp-image-160\" width=\"576\" height=\"768\" srcset=\"https:\/\/vvelektro.cz\/wp-content\/uploads\/2024\/03\/IMG_2438-768x1024.jpeg 768w, https:\/\/vvelektro.cz\/wp-content\/uploads\/2024\/03\/IMG_2438-225x300.jpeg 225w, https:\/\/vvelektro.cz\/wp-content\/uploads\/2024\/03\/IMG_2438-1152x1536.jpeg 1152w, https:\/\/vvelektro.cz\/wp-content\/uploads\/2024\/03\/IMG_2438-1536x2048.jpeg 1536w, https:\/\/vvelektro.cz\/wp-content\/uploads\/2024\/03\/IMG_2438-scaled.jpeg 1920w\" sizes=\"(max-width: 576px) 100vw, 576px\" \/><\/figure>\n\n\n\n<h2>ROMILL Brno &#8211; rekonstrukce el.instalace v budov\u011b Tkalcovsk\u00e1 14, Brno &#8211; listopad 2023-leden 2024<\/h2>\n\n\n\n<figure class=\"is-layout-flex wp-block-gallery-1 wp-block-gallery has-nested-images columns-default is-cropped\">\n<figure class=\"wp-block-image size-large\"><img decoding=\"async\" loading=\"lazy\" width=\"1024\" height=\"768\" data-id=\"156\"  src=\"https:\/\/vvelektro.cz\/wp-content\/uploads\/2024\/03\/IMG_4238-1024x768.jpeg\" alt=\"\" class=\"wp-image-156\" srcset=\"https:\/\/vvelektro.cz\/wp-content\/uploads\/2024\/03\/IMG_4238-1024x768.jpeg 1024w, https:\/\/vvelektro.cz\/wp-content\/uploads\/2024\/03\/IMG_4238-300x225.jpeg 300w, https:\/\/vvelektro.cz\/wp-content\/uploads\/2024\/03\/IMG_4238-768x576.jpeg 768w, https:\/\/vvelektro.cz\/wp-content\/uploads\/2024\/03\/IMG_4238-1536x1152.jpeg 1536w, https:\/\/vvelektro.cz\/wp-content\/uploads\/2024\/03\/IMG_4238-2048x1536.jpeg 2048w\" sizes=\"(max-width: 1024px) 100vw, 1024px\" \/><\/figure>\n<\/figure>\n\n\n\n<h2>Minerva TS &#8211; v\u00fdm\u011bna VN odp\u00edna\u010d\u016f &#8211; srpen 2023<\/h2>\n\n\n\n<figure class=\"is-layout-flex wp-block-gallery-3 wp-block-gallery has-nested-images columns-default is-cropped\">\n<figure class=\"wp-block-image size-large\"><img decoding=\"async\" loading=\"lazy\" width=\"768\" height=\"1024\" data-id=\"159\"  src=\"https:\/\/vvelektro.cz\/wp-content\/uploads\/2024\/03\/IMG_3319-768x1024.jpeg\" alt=\"\" class=\"wp-image-159\" srcset=\"https:\/\/vvelektro.cz\/wp-content\/uploads\/2024\/03\/IMG_3319-768x1024.jpeg 768w, https:\/\/vvelektro.cz\/wp-content\/uploads\/2024\/03\/IMG_3319-225x300.jpeg 225w, https:\/\/vvelektro.cz\/wp-content\/uploads\/2024\/03\/IMG_3319-1152x1536.jpeg 1152w, https:\/\/vvelektro.cz\/wp-content\/uploads\/2024\/03\/IMG_3319-1536x2048.jpeg 1536w, https:\/\/vvelektro.cz\/wp-content\/uploads\/2024\/03\/IMG_3319-scaled.jpeg 1920w\" sizes=\"(max-width: 768px) 100vw, 768px\" \/><\/figure>\n<\/figure>\n\n\n\n<h2>Pobo\u010dka Pt\u00e1\u010dek Blansko &#8211; kompletn\u00ed el.instalace &#8211; \u010derven 2023-\u00fanor 2024<\/h2>\n\n\n\n<figure class=\"wp-block-image size-large\"><img decoding=\"async\" loading=\"lazy\" width=\"1024\" height=\"768\" src=\"http:\/\/vvelektro.cz\/wp-content\/uploads\/2024\/03\/IMG_3934-1024x768.jpeg\" alt=\"\" class=\"wp-image-157\" srcset=\"https:\/\/vvelektro.cz\/wp-content\/uploads\/2024\/03\/IMG_3934-1024x768.jpeg 1024w, https:\/\/vvelektro.cz\/wp-content\/uploads\/2024\/03\/IMG_3934-300x225.jpeg 300w, https:\/\/vvelektro.cz\/wp-content\/uploads\/2024\/03\/IMG_3934-768x576.jpeg 768w, https:\/\/vvelektro.cz\/wp-content\/uploads\/2024\/03\/IMG_3934-1536x1152.jpeg 1536w, https:\/\/vvelektro.cz\/wp-content\/uploads\/2024\/03\/IMG_3934-2048x1536.jpeg 2048w\" sizes=\"(max-width: 1024px) 100vw, 1024px\" \/><\/figure>\n\n\n\n<h2>Rekonstrukce prostor MP Boskovice (II.etapa) &#8211; \u010derven-z\u00e1\u0159\u00ed 2022<\/h2>\n\n\n\n<p>Provedli jsme stavebn\u00ed \u00fapravy, rekonstrukci silnoproud\u00fdch a slaboproud\u00fdch rozvod\u016f.<\/p>\n\n\n\n<figure class=\"wp-block-image size-full\"><img decoding=\"async\" loading=\"lazy\" width=\"1024\" height=\"768\" src=\"https:\/\/vvelektro.cz\/wp-content\/uploads\/2024\/03\/image.jpeg\" alt=\"\" class=\"wp-image-155\" srcset=\"https:\/\/vvelektro.cz\/wp-content\/uploads\/2024\/03\/image.jpeg 1024w, https:\/\/vvelektro.cz\/wp-content\/uploads\/2024\/03\/image-300x225.jpeg 300w, https:\/\/vvelektro.cz\/wp-content\/uploads\/2024\/03\/image-768x576.jpeg 768w\" sizes=\"(max-width: 1024px) 100vw, 1024px\" \/><\/figure>\n\n\n\n<h2>Rekonstrukce el.instalace Z\u0160 n\u00e1m.9.kv\u011btna Boskovice (I.etapa) &#8211; \u010derven-srpen 2022<\/h2>\n\n\n\n<figure class=\"wp-block-image size-large\"><img decoding=\"async\" loading=\"lazy\" width=\"1024\" height=\"768\" src=\"https:\/\/vvelektro.cz\/wp-content\/uploads\/2022\/10\/IMG_1305-1024x768.jpeg\" alt=\"\" class=\"wp-image-149\" srcset=\"https:\/\/vvelektro.cz\/wp-content\/uploads\/2022\/10\/IMG_1305-1024x768.jpeg 1024w, https:\/\/vvelektro.cz\/wp-content\/uploads\/2022\/10\/IMG_1305-300x225.jpeg 300w, https:\/\/vvelektro.cz\/wp-content\/uploads\/2022\/10\/IMG_1305-768x576.jpeg 768w, https:\/\/vvelektro.cz\/wp-content\/uploads\/2022\/10\/IMG_1305.jpeg 1280w\" sizes=\"(max-width: 1024px) 100vw, 1024px\" \/><\/figure>\n\n\n\n<h2>V\u00fdm\u011bna odp\u00edna\u010d\u016f VN v trafostanici Nemocnice Boskovice &#8211; \u010dervenec 2022<\/h2>\n\n\n\n<figure class=\"wp-block-image size-large\"><img decoding=\"async\" loading=\"lazy\" width=\"1024\" height=\"768\" src=\"http:\/\/vvelektro.cz\/wp-content\/uploads\/2022\/10\/IMG_1367-1024x768.jpeg\" alt=\"\" class=\"wp-image-146\" srcset=\"https:\/\/vvelektro.cz\/wp-content\/uploads\/2022\/10\/IMG_1367-1024x768.jpeg 1024w, https:\/\/vvelektro.cz\/wp-content\/uploads\/2022\/10\/IMG_1367-300x225.jpeg 300w, https:\/\/vvelektro.cz\/wp-content\/uploads\/2022\/10\/IMG_1367-768x576.jpeg 768w, https:\/\/vvelektro.cz\/wp-content\/uploads\/2022\/10\/IMG_1367.jpeg 1280w\" sizes=\"(max-width: 1024px) 100vw, 1024px\" \/><\/figure>\n\n\n\n<h2>Rekonstrukce prostor MP Boskovice (I.etapa) &#8211; leden-kv\u011bten 2022<\/h2>\n\n\n\n<p>Provedli jsme stavebn\u00ed \u00fapravy, rekonstrukci silnoproud\u00fdch a slaboproud\u00fdch rozvod\u016f.<\/p>\n\n\n\n<figure class=\"wp-block-image size-large\"><img decoding=\"async\" loading=\"lazy\" width=\"1024\" height=\"768\" src=\"http:\/\/vvelektro.cz\/wp-content\/uploads\/2022\/10\/IMG_1042-1024x768.jpeg\" alt=\"\" class=\"wp-image-145\" srcset=\"https:\/\/vvelektro.cz\/wp-content\/uploads\/2022\/10\/IMG_1042-1024x768.jpeg 1024w, https:\/\/vvelektro.cz\/wp-content\/uploads\/2022\/10\/IMG_1042-300x225.jpeg 300w, https:\/\/vvelektro.cz\/wp-content\/uploads\/2022\/10\/IMG_1042-768x576.jpeg 768w, https:\/\/vvelektro.cz\/wp-content\/uploads\/2022\/10\/IMG_1042.jpeg 1280w\" sizes=\"(max-width: 1024px) 100vw, 1024px\" \/><\/figure>\n\n\n\n<h2>HALADA Eurovea Bratislava &#8211; duben-kv\u011bten 2022<\/h2>\n\n\n\n<p>Butik HALADA Eurovea Bratislava byl slavnostn\u011b otev\u0159en! Zaji\u0161\u0165ovali jsme kompletn\u00ed dod\u00e1vku silnoproud\u00fdch i slaboproud\u00fdch syst\u00e9m\u016f.<\/p>\n\n\n\n<figure class=\"wp-block-image size-large\"><img decoding=\"async\" loading=\"lazy\" width=\"1024\" height=\"768\" src=\"http:\/\/vvelektro.cz\/wp-content\/uploads\/2022\/10\/283043225_10159353251134145_3803355099578735165_n-1024x768.jpg\" alt=\"\" class=\"wp-image-143\" srcset=\"https:\/\/vvelektro.cz\/wp-content\/uploads\/2022\/10\/283043225_10159353251134145_3803355099578735165_n-1024x768.jpg 1024w, https:\/\/vvelektro.cz\/wp-content\/uploads\/2022\/10\/283043225_10159353251134145_3803355099578735165_n-300x225.jpg 300w, https:\/\/vvelektro.cz\/wp-content\/uploads\/2022\/10\/283043225_10159353251134145_3803355099578735165_n-768x576.jpg 768w, https:\/\/vvelektro.cz\/wp-content\/uploads\/2022\/10\/283043225_10159353251134145_3803355099578735165_n-1536x1152.jpg 1536w, https:\/\/vvelektro.cz\/wp-content\/uploads\/2022\/10\/283043225_10159353251134145_3803355099578735165_n.jpg 1926w\" sizes=\"(max-width: 1024px) 100vw, 1024px\" \/><\/figure>\n\n\n\n<h2>S\u0160 a VO\u0160 Hybe\u0161ova &#8211; srpen 2021<\/h2>\n\n\n\n<p>Rekonstrukce NN p\u0159ipojovac\u00edho bodu \u0161koly.<\/p>\n\n\n\n<figure class=\"wp-block-image size-large\"><img decoding=\"async\" loading=\"lazy\" width=\"500\" height=\"375\" src=\"http:\/\/romandvoracek.eu\/wp-content\/uploads\/2022\/03\/Thumbnail.ashx_.jpeg\" alt=\"\" class=\"wp-image-51\" srcset=\"https:\/\/vvelektro.cz\/wp-content\/uploads\/2022\/03\/Thumbnail.ashx_.jpeg 500w, https:\/\/vvelektro.cz\/wp-content\/uploads\/2022\/03\/Thumbnail.ashx_-300x225.jpeg 300w\" sizes=\"(max-width: 500px) 100vw, 500px\" \/><\/figure>\n\n\n\n<h2>Strongman 2021 &#8211; \u010dervenec 2021<\/h2>\n\n\n\n<p>Sponzorovali jsme charitativn\u00ed akci Strongman 2021.<\/p>\n\n\n\n<figure class=\"wp-block-image size-large\"><img decoding=\"async\" loading=\"lazy\" width=\"232\" height=\"310\" src=\"http:\/\/romandvoracek.eu\/wp-content\/uploads\/2022\/03\/Thumbnail.ashx-2.jpeg\" alt=\"\" class=\"wp-image-52\" srcset=\"https:\/\/vvelektro.cz\/wp-content\/uploads\/2022\/03\/Thumbnail.ashx-2.jpeg 232w, https:\/\/vvelektro.cz\/wp-content\/uploads\/2022\/03\/Thumbnail.ashx-2-225x300.jpeg 225w\" sizes=\"(max-width: 232px) 100vw, 232px\" \/><\/figure>\n\n\n\n<h2>S\u0160 a VO\u0160 Hybe\u0161ova &#8211; \u010dervenec 2021<\/h2>\n\n\n\n<p>Rekonstrukce el.instalace kuchyn\u011b a VZT.<\/p>\n\n\n\n<figure class=\"wp-block-image size-large\"><img decoding=\"async\" loading=\"lazy\" width=\"500\" height=\"207\" src=\"http:\/\/romandvoracek.eu\/wp-content\/uploads\/2022\/03\/Thumbnail.ashx-3.jpeg\" alt=\"\" class=\"wp-image-54\" srcset=\"https:\/\/vvelektro.cz\/wp-content\/uploads\/2022\/03\/Thumbnail.ashx-3.jpeg 500w, https:\/\/vvelektro.cz\/wp-content\/uploads\/2022\/03\/Thumbnail.ashx-3-300x124.jpeg 300w\" sizes=\"(max-width: 500px) 100vw, 500px\" \/><\/figure>\n\n\n\n<h2>M\u0160 II R\u00e1jec-Jest\u0159eb\u00ed &#8211; \u010derven-srpen 2021<\/h2>\n\n\n\n<p>Prob\u011bhla kompletn\u00ed rekonstrukce elektroinstalace. V\u010detn\u011b slaboproud\u00fdch rozvod\u016f, PZTS a osv\u011btlovac\u00ed soustavy.<\/p>\n\n\n\n<figure class=\"wp-block-image size-large\"><img decoding=\"async\" loading=\"lazy\" width=\"500\" height=\"375\" src=\"http:\/\/romandvoracek.eu\/wp-content\/uploads\/2022\/03\/Thumbnail.ashx-4.jpeg\" alt=\"\" class=\"wp-image-55\" srcset=\"https:\/\/vvelektro.cz\/wp-content\/uploads\/2022\/03\/Thumbnail.ashx-4.jpeg 500w, https:\/\/vvelektro.cz\/wp-content\/uploads\/2022\/03\/Thumbnail.ashx-4-300x225.jpeg 300w\" sizes=\"(max-width: 500px) 100vw, 500px\" \/><\/figure>\n\n\n\n<h2>ZT BOSKO Boskovice &#8211; \u010derven 2021<\/h2>\n\n\n\n<p>Rekonstrukce pole v rozvodn\u011b RH.<\/p>\n\n\n\n<figure class=\"wp-block-image size-large\"><img decoding=\"async\" loading=\"lazy\" width=\"232\" height=\"310\" src=\"http:\/\/romandvoracek.eu\/wp-content\/uploads\/2022\/03\/Thumbnail.ashx-5.jpeg\" alt=\"\" class=\"wp-image-56\" srcset=\"https:\/\/vvelektro.cz\/wp-content\/uploads\/2022\/03\/Thumbnail.ashx-5.jpeg 232w, https:\/\/vvelektro.cz\/wp-content\/uploads\/2022\/03\/Thumbnail.ashx-5-225x300.jpeg 225w\" sizes=\"(max-width: 232px) 100vw, 232px\" \/><\/figure>\n\n\n\n<h2>Vila Austerlitz Slavkov u Brna &#8211; kv\u011bten 2021<\/h2>\n\n\n\n<p>Oprava ochrany p\u0159ed bleskem po stavebn\u00ed rekonstrukci.<\/p>\n\n\n\n<figure class=\"wp-block-image size-large\"><img decoding=\"async\" loading=\"lazy\" width=\"286\" height=\"310\" src=\"http:\/\/romandvoracek.eu\/wp-content\/uploads\/2022\/03\/Thumbnail.ashx-6.jpeg\" alt=\"\" class=\"wp-image-58\" srcset=\"https:\/\/vvelektro.cz\/wp-content\/uploads\/2022\/03\/Thumbnail.ashx-6.jpeg 286w, https:\/\/vvelektro.cz\/wp-content\/uploads\/2022\/03\/Thumbnail.ashx-6-277x300.jpeg 277w\" sizes=\"(max-width: 286px) 100vw, 286px\" \/><\/figure>\n\n\n\n<h2>Ambulance Nemocnice Boskovice &#8211; prosinec 2020<\/h2>\n\n\n\n<p>Kompletn\u00ed rekonstrukce elektro v\u010detn\u011b stavebn\u00edch \u00faprav v ambulanci v 2NP. Sou\u010d\u00e1st\u00ed zak\u00e1zky je i posouzen\u00ed TI\u010cR dle po\u017eadavku&nbsp;vyhl\u00e1\u0161ky&nbsp;\u010d. 73\/2010 Sb.<\/p>\n\n\n\n<figure class=\"wp-block-image size-large\"><img decoding=\"async\" loading=\"lazy\" width=\"500\" height=\"283\" src=\"http:\/\/romandvoracek.eu\/wp-content\/uploads\/2022\/03\/Thumbnail.ashx-7.jpeg\" alt=\"\" class=\"wp-image-59\" srcset=\"https:\/\/vvelektro.cz\/wp-content\/uploads\/2022\/03\/Thumbnail.ashx-7.jpeg 500w, https:\/\/vvelektro.cz\/wp-content\/uploads\/2022\/03\/Thumbnail.ashx-7-300x170.jpeg 300w\" sizes=\"(max-width: 500px) 100vw, 500px\" \/><\/figure>\n\n\n\n<h2>SOU Andre Citroena &#8211; prosinec 2020<\/h2>\n\n\n\n<p>Instalace PZTS v objektech SOU Andre Citroena, provoz D\u0159eva\u0159sk\u00e1. V\u010detn\u011b napojen\u00ed na PCO.<\/p>\n\n\n\n<figure class=\"wp-block-image size-large\"><img decoding=\"async\" loading=\"lazy\" width=\"500\" height=\"294\" src=\"http:\/\/romandvoracek.eu\/wp-content\/uploads\/2022\/03\/Thumbnail.ashx-8.jpeg\" alt=\"\" class=\"wp-image-60\" srcset=\"https:\/\/vvelektro.cz\/wp-content\/uploads\/2022\/03\/Thumbnail.ashx-8.jpeg 500w, https:\/\/vvelektro.cz\/wp-content\/uploads\/2022\/03\/Thumbnail.ashx-8-300x176.jpeg 300w\" sizes=\"(max-width: 500px) 100vw, 500px\" \/><\/figure>\n\n\n\n<h2>ColorPlastic &#8211; listopad 2020<\/h2>\n\n\n\n<p>Stavba nov\u00fdch skladovac\u00edch prostor. Kompletn\u00ed elektroinstalace.<\/p>\n\n\n\n<figure class=\"wp-block-image size-large\"><img decoding=\"async\" loading=\"lazy\" width=\"500\" height=\"375\" src=\"http:\/\/romandvoracek.eu\/wp-content\/uploads\/2022\/03\/Thumbnail.ashx-9.jpeg\" alt=\"\" class=\"wp-image-61\" srcset=\"https:\/\/vvelektro.cz\/wp-content\/uploads\/2022\/03\/Thumbnail.ashx-9.jpeg 500w, https:\/\/vvelektro.cz\/wp-content\/uploads\/2022\/03\/Thumbnail.ashx-9-300x225.jpeg 300w\" sizes=\"(max-width: 500px) 100vw, 500px\" \/><\/figure>\n\n\n\n<h2>ColorPlastic &#8211; \u0159\u00edjen 2020<\/h2>\n\n\n\n<p>Prob\u00edh\u00e1 v\u00fdstavba nov\u00e9 v\u00fdrobn\u00ed haly. Kompletn\u00ed elektroinstalace, v\u010detn\u011b p\u0159ipojen\u00ed technologi\u00ed.<\/p>\n\n\n\n<figure class=\"wp-block-image size-large\"><img decoding=\"async\" loading=\"lazy\" width=\"500\" height=\"375\" src=\"http:\/\/romandvoracek.eu\/wp-content\/uploads\/2022\/03\/Thumbnail.ashx-10.jpeg\" alt=\"\" class=\"wp-image-62\" srcset=\"https:\/\/vvelektro.cz\/wp-content\/uploads\/2022\/03\/Thumbnail.ashx-10.jpeg 500w, https:\/\/vvelektro.cz\/wp-content\/uploads\/2022\/03\/Thumbnail.ashx-10-300x225.jpeg 300w\" sizes=\"(max-width: 500px) 100vw, 500px\" \/><\/figure>\n\n\n\n<h2>Rodinn\u00e9 domy &#8211; podzim 2020<\/h2>\n\n\n\n<p>Rodinn\u00e9&nbsp;domy&nbsp;Hr\u00e1dkov, Okrouhl\u00e1, Bo\u0159itov<\/p>\n\n\n\n<p>Elektronistalace silnoproud\u00e1, slaboproud\u00e1, EZS, CCTV.<\/p>\n\n\n\n<figure class=\"wp-block-image size-large\"><img decoding=\"async\" loading=\"lazy\" width=\"500\" height=\"375\" src=\"http:\/\/romandvoracek.eu\/wp-content\/uploads\/2022\/03\/Thumbnail.ashx-11.jpeg\" alt=\"\" class=\"wp-image-63\" srcset=\"https:\/\/vvelektro.cz\/wp-content\/uploads\/2022\/03\/Thumbnail.ashx-11.jpeg 500w, https:\/\/vvelektro.cz\/wp-content\/uploads\/2022\/03\/Thumbnail.ashx-11-300x225.jpeg 300w\" sizes=\"(max-width: 500px) 100vw, 500px\" \/><\/figure>\n\n\n\n<h2>TS Su\u0161ilova &#8211; \u0159\u00edjen 2020<\/h2>\n\n\n\n<p>Instalace TS Su\u0161ilova. Kioskov\u00e1 trafostanice 400kVA.<\/p>\n\n\n\n<figure class=\"wp-block-image size-large\"><img decoding=\"async\" loading=\"lazy\" width=\"500\" height=\"371\" src=\"http:\/\/romandvoracek.eu\/wp-content\/uploads\/2022\/03\/Thumbnail.ashx-12.jpeg\" alt=\"\" class=\"wp-image-64\" srcset=\"https:\/\/vvelektro.cz\/wp-content\/uploads\/2022\/03\/Thumbnail.ashx-12.jpeg 500w, https:\/\/vvelektro.cz\/wp-content\/uploads\/2022\/03\/Thumbnail.ashx-12-300x223.jpeg 300w\" sizes=\"(max-width: 500px) 100vw, 500px\" \/><\/figure>\n\n\n\n<h2>RD Zaje\u010dov &#8211; duben-z\u00e1\u0159\u00ed 2020<\/h2>\n\n\n\n<p>RD v obci Zaje\u010dov &#8211; kompletn\u00ed dod\u00e1vka silnoproud\u00fdch a slaboproud\u00fdch rozvod\u016f v\u010detn\u011b ochrany p\u0159ed bleskem.<\/p>\n\n\n\n<figure class=\"wp-block-image size-large\"><img decoding=\"async\" loading=\"lazy\" width=\"500\" height=\"375\" src=\"http:\/\/romandvoracek.eu\/wp-content\/uploads\/2022\/03\/Thumbnail.ashx-13.jpeg\" alt=\"\" class=\"wp-image-65\" srcset=\"https:\/\/vvelektro.cz\/wp-content\/uploads\/2022\/03\/Thumbnail.ashx-13.jpeg 500w, https:\/\/vvelektro.cz\/wp-content\/uploads\/2022\/03\/Thumbnail.ashx-13-300x225.jpeg 300w\" sizes=\"(max-width: 500px) 100vw, 500px\" \/><\/figure>\n\n\n\n<h2>CZT (centr\u00e1ln\u00ed z\u00e1sobov\u00e1n\u00ed teplem) Boskovice &#8211; srpen 2020<\/h2>\n\n\n\n<p>Jsme dodavatel\u00e9 rozvod\u016f NN a instalac\u00ed na akci &#8222;CZT Boskovice&#8220;!<\/p>\n\n\n\n<figure class=\"wp-block-image size-large\"><img decoding=\"async\" loading=\"lazy\" width=\"232\" height=\"310\" src=\"http:\/\/romandvoracek.eu\/wp-content\/uploads\/2022\/03\/Thumbnail.ashx-14.jpeg\" alt=\"\" class=\"wp-image-66\" srcset=\"https:\/\/vvelektro.cz\/wp-content\/uploads\/2022\/03\/Thumbnail.ashx-14.jpeg 232w, https:\/\/vvelektro.cz\/wp-content\/uploads\/2022\/03\/Thumbnail.ashx-14-225x300.jpeg 225w\" sizes=\"(max-width: 232px) 100vw, 232px\" \/><\/figure>\n\n\n\n<h2>Wolkerova 2 &#8211; rekonstrukce byt\u016f &#8211; srpen 2020<\/h2>\n\n\n\n<p>Prov\u00e1d\u00edme rekonstrukci el.instalace v bytov\u00fdch jednotk\u00e1ch BD Wolkerova 2 v Boskovic\u00edch.<\/p>\n\n\n\n<figure class=\"wp-block-image size-large\"><img decoding=\"async\" loading=\"lazy\" width=\"500\" height=\"375\" src=\"http:\/\/romandvoracek.eu\/wp-content\/uploads\/2022\/03\/Thumbnail.ashx-15.jpeg\" alt=\"\" class=\"wp-image-68\" srcset=\"https:\/\/vvelektro.cz\/wp-content\/uploads\/2022\/03\/Thumbnail.ashx-15.jpeg 500w, https:\/\/vvelektro.cz\/wp-content\/uploads\/2022\/03\/Thumbnail.ashx-15-300x225.jpeg 300w\" sizes=\"(max-width: 500px) 100vw, 500px\" \/><\/figure>\n\n\n\n<h2>M\u0160 R\u00e1jec-Jest\u0159eb\u00ed &#8211; \u010dervenec 2020<\/h2>\n\n\n\n<p>Rekonstrukce el.instalace, v\u010detn\u011b slaboproud\u00fdch rozvod\u016f.<\/p>\n\n\n\n<figure class=\"wp-block-image size-large\"><img decoding=\"async\" loading=\"lazy\" width=\"500\" height=\"375\" src=\"http:\/\/romandvoracek.eu\/wp-content\/uploads\/2022\/03\/Thumbnail.ashx-16.jpeg\" alt=\"\" class=\"wp-image-91\" srcset=\"https:\/\/vvelektro.cz\/wp-content\/uploads\/2022\/03\/Thumbnail.ashx-16.jpeg 500w, https:\/\/vvelektro.cz\/wp-content\/uploads\/2022\/03\/Thumbnail.ashx-16-300x225.jpeg 300w\" sizes=\"(max-width: 500px) 100vw, 500px\" \/><\/figure>\n\n\n\n<h2>Autoservis Horky &#8211; \u010derven 2020<\/h2>\n\n\n\n<p>Elektroinstalace autoservisu, v\u010detn\u011b slaboproud\u00fdch rozvod\u016f, CCTV a EZS.<\/p>\n\n\n\n<figure class=\"wp-block-image size-large\"><img decoding=\"async\" loading=\"lazy\" width=\"500\" height=\"375\" src=\"http:\/\/romandvoracek.eu\/wp-content\/uploads\/2022\/03\/Thumbnail.ashx-17.jpeg\" alt=\"\" class=\"wp-image-90\" srcset=\"https:\/\/vvelektro.cz\/wp-content\/uploads\/2022\/03\/Thumbnail.ashx-17.jpeg 500w, https:\/\/vvelektro.cz\/wp-content\/uploads\/2022\/03\/Thumbnail.ashx-17-300x225.jpeg 300w\" sizes=\"(max-width: 500px) 100vw, 500px\" \/><\/figure>\n\n\n\n<h2>TJ Rytmus &#8211; kv\u011bten 2020<\/h2>\n\n\n\n<p>Kompletn\u00ed rekonstrukce el.instalace v objektu TJ Rytmus Boskovice.<\/p>\n\n\n\n<figure class=\"wp-block-image size-large\"><img decoding=\"async\" loading=\"lazy\" width=\"500\" height=\"375\" src=\"http:\/\/romandvoracek.eu\/wp-content\/uploads\/2022\/03\/Thumbnail.ashx-18.jpeg\" alt=\"\" class=\"wp-image-89\" srcset=\"https:\/\/vvelektro.cz\/wp-content\/uploads\/2022\/03\/Thumbnail.ashx-18.jpeg 500w, https:\/\/vvelektro.cz\/wp-content\/uploads\/2022\/03\/Thumbnail.ashx-18-300x225.jpeg 300w\" sizes=\"(max-width: 500px) 100vw, 500px\" \/><\/figure>\n\n\n\n<h2>COLORProfi &#8211; kv\u011bten 2020<\/h2>\n\n\n\n<p>Instalace zemn\u011bn\u00ed pro novou halu C7.<\/p>\n\n\n\n<figure class=\"wp-block-image size-large\"><img decoding=\"async\" loading=\"lazy\" width=\"500\" height=\"375\" src=\"http:\/\/romandvoracek.eu\/wp-content\/uploads\/2022\/03\/Thumbnail.ashx-19.jpeg\" alt=\"\" class=\"wp-image-88\" srcset=\"https:\/\/vvelektro.cz\/wp-content\/uploads\/2022\/03\/Thumbnail.ashx-19.jpeg 500w, https:\/\/vvelektro.cz\/wp-content\/uploads\/2022\/03\/Thumbnail.ashx-19-300x225.jpeg 300w\" sizes=\"(max-width: 500px) 100vw, 500px\" \/><\/figure>\n\n\n\n<h2>ZT Bosko &#8211; duben 2020<\/h2>\n\n\n\n<p>Instalace nov\u00e9ho transform\u00e1toru pro spole\u010dnost ZT Bosko, a.s.<\/p>\n\n\n\n<figure class=\"wp-block-image size-large\"><img decoding=\"async\" loading=\"lazy\" width=\"500\" height=\"375\" src=\"http:\/\/romandvoracek.eu\/wp-content\/uploads\/2022\/03\/Thumbnail.ashx-20.jpeg\" alt=\"\" class=\"wp-image-87\" srcset=\"https:\/\/vvelektro.cz\/wp-content\/uploads\/2022\/03\/Thumbnail.ashx-20.jpeg 500w, https:\/\/vvelektro.cz\/wp-content\/uploads\/2022\/03\/Thumbnail.ashx-20-300x225.jpeg 300w\" sizes=\"(max-width: 500px) 100vw, 500px\" \/><\/figure>\n\n\n\n<h2>Z\u0160 Kun\u0161t\u00e1t &#8211; duben 2020<\/h2>\n\n\n\n<p>Byl instalov\u00e1n nov\u00fd kamerov\u00fd syst\u00e9m pro objekt \u0161koly a sportovn\u00ed centrum.<\/p>\n\n\n\n<figure class=\"wp-block-image size-large\"><img decoding=\"async\" loading=\"lazy\" width=\"500\" height=\"157\" src=\"http:\/\/romandvoracek.eu\/wp-content\/uploads\/2022\/03\/Thumbnail.ashx-21.jpeg\" alt=\"\" class=\"wp-image-86\" srcset=\"https:\/\/vvelektro.cz\/wp-content\/uploads\/2022\/03\/Thumbnail.ashx-21.jpeg 500w, https:\/\/vvelektro.cz\/wp-content\/uploads\/2022\/03\/Thumbnail.ashx-21-300x94.jpeg 300w\" sizes=\"(max-width: 500px) 100vw, 500px\" \/><\/figure>\n\n\n\n<h2>BD Wolkerova 2 &#8211; listopad 2019<\/h2>\n\n\n\n<p>Prov\u00e1d\u00edme rekonstrukci elektroinstalace v BD Wolkerova 2 v Boskovic\u00edch. Rozsahem prac\u00ed jsou elektrick\u00e9 rozvody spole\u010dn\u00fdch prostor, v\u00fdm\u011bna elektrom\u011brov\u00fdch rozv\u00e1d\u011b\u010d\u016f, bytov\u00fdch rozv\u00e1d\u011b\u010d\u016f a syst\u00e9mu domovn\u00edch telefon\u016f.<\/p>\n\n\n\n<figure class=\"wp-block-image size-large\"><img decoding=\"async\" loading=\"lazy\" width=\"500\" height=\"375\" src=\"http:\/\/romandvoracek.eu\/wp-content\/uploads\/2022\/03\/Thumbnail.ashx-22.jpeg\" alt=\"\" class=\"wp-image-85\" srcset=\"https:\/\/vvelektro.cz\/wp-content\/uploads\/2022\/03\/Thumbnail.ashx-22.jpeg 500w, https:\/\/vvelektro.cz\/wp-content\/uploads\/2022\/03\/Thumbnail.ashx-22-300x225.jpeg 300w\" sizes=\"(max-width: 500px) 100vw, 500px\" \/><\/figure>\n\n\n\n<h2>HALADA &#8211; otev\u0159eno<\/h2>\n\n\n\n<p>Butiky HALADA Ostrava a HALADA Bratislava byly slavnostn\u011b otev\u0159eny! Zaji\u0161\u0165ovali jsme kompletn\u00ed dod\u00e1vku silnoproud\u00fdch i slaboproud\u00fdch syst\u00e9m\u016f.<\/p>\n\n\n\n<figure class=\"wp-block-image size-large\"><img decoding=\"async\" loading=\"lazy\" width=\"500\" height=\"375\" src=\"http:\/\/romandvoracek.eu\/wp-content\/uploads\/2022\/03\/Thumbnail.ashx-23.jpeg\" alt=\"\" class=\"wp-image-84\" srcset=\"https:\/\/vvelektro.cz\/wp-content\/uploads\/2022\/03\/Thumbnail.ashx-23.jpeg 500w, https:\/\/vvelektro.cz\/wp-content\/uploads\/2022\/03\/Thumbnail.ashx-23-300x225.jpeg 300w\" sizes=\"(max-width: 500px) 100vw, 500px\" \/><\/figure>\n\n\n\n<h2>DLPP Boskovice &#8211; listopad 2019<\/h2>\n\n\n\n<p>Provedena elektroinstalace rozvod\u016f zahrady v are\u00e1lu DLPP Boskovice.<\/p>\n\n\n\n<figure class=\"wp-block-image size-large\"><img decoding=\"async\" loading=\"lazy\" width=\"500\" height=\"375\" src=\"http:\/\/romandvoracek.eu\/wp-content\/uploads\/2022\/03\/Thumbnail.ashx-24.jpeg\" alt=\"\" class=\"wp-image-83\" srcset=\"https:\/\/vvelektro.cz\/wp-content\/uploads\/2022\/03\/Thumbnail.ashx-24.jpeg 500w, https:\/\/vvelektro.cz\/wp-content\/uploads\/2022\/03\/Thumbnail.ashx-24-300x225.jpeg 300w\" sizes=\"(max-width: 500px) 100vw, 500px\" \/><\/figure>\n\n\n\n<h2>ALO Diamonds Aupark Bratislava<\/h2>\n\n\n\n<p>Kompletn\u00ed refresh butiku &#8211; silnoporud\u00e9 a slaborpoud\u00e9 instalace.<\/p>\n\n\n\n<figure class=\"wp-block-image size-large\"><img decoding=\"async\" loading=\"lazy\" width=\"500\" height=\"375\" src=\"http:\/\/romandvoracek.eu\/wp-content\/uploads\/2022\/03\/Thumbnail.ashx-25.jpeg\" alt=\"\" class=\"wp-image-82\" srcset=\"https:\/\/vvelektro.cz\/wp-content\/uploads\/2022\/03\/Thumbnail.ashx-25.jpeg 500w, https:\/\/vvelektro.cz\/wp-content\/uploads\/2022\/03\/Thumbnail.ashx-25-300x225.jpeg 300w\" sizes=\"(max-width: 500px) 100vw, 500px\" \/><\/figure>\n\n\n\n<h2>SABON &#8211; otev\u0159eno<\/h2>\n\n\n\n<p>SABON &#8211; obchod s luxusn\u00ed p\u0159\u00edrodn\u00ed kosmetikou v OC Praha Chodov byl otev\u0159en v \u0159\u00edjnu. Na\u0161e firma byla dodavatelem elektroinstalac\u00ed.<\/p>\n\n\n\n<figure class=\"wp-block-image size-large\"><img decoding=\"async\" loading=\"lazy\" width=\"232\" height=\"310\" src=\"http:\/\/romandvoracek.eu\/wp-content\/uploads\/2022\/03\/Thumbnail.ashx-26.jpeg\" alt=\"\" class=\"wp-image-81\" srcset=\"https:\/\/vvelektro.cz\/wp-content\/uploads\/2022\/03\/Thumbnail.ashx-26.jpeg 232w, https:\/\/vvelektro.cz\/wp-content\/uploads\/2022\/03\/Thumbnail.ashx-26-225x300.jpeg 225w\" sizes=\"(max-width: 232px) 100vw, 232px\" \/><\/figure>\n\n\n\n<h2>Moravsk\u00e9 \u017eelez\u00e1rny Olomouc &#8211; \u0159\u00edjen 2019<\/h2>\n\n\n\n<p>Prov\u00e1d\u00edme revize induk\u010dn\u00edch pec\u00ed. Tentokr\u00e1te pro Moravsk\u00e9 \u017eelez\u00e1rny v Olomouci.<\/p>\n\n\n\n<figure class=\"wp-block-image size-large\"><img decoding=\"async\" loading=\"lazy\" width=\"500\" height=\"375\" src=\"http:\/\/romandvoracek.eu\/wp-content\/uploads\/2022\/03\/Thumbnail.ashx-27.jpeg\" alt=\"\" class=\"wp-image-80\" srcset=\"https:\/\/vvelektro.cz\/wp-content\/uploads\/2022\/03\/Thumbnail.ashx-27.jpeg 500w, https:\/\/vvelektro.cz\/wp-content\/uploads\/2022\/03\/Thumbnail.ashx-27-300x225.jpeg 300w\" sizes=\"(max-width: 500px) 100vw, 500px\" \/><\/figure>\n\n\n\n<h2>ALO Diamonds Nov\u00fd Sm\u00edchov &#8211; srpen 2019<\/h2>\n\n\n\n<p>ALO Diamonds za\u010dalo prov\u00e1d\u011bt refreshe sv\u00fdch butik\u016f. Prvn\u00ed na \u0159ad\u011b je OC Nov\u00fd Sm\u00edchov, Praha.<\/p>\n\n\n\n<figure class=\"wp-block-image size-large\"><img decoding=\"async\" loading=\"lazy\" width=\"500\" height=\"255\" src=\"http:\/\/romandvoracek.eu\/wp-content\/uploads\/2022\/03\/Thumbnail.ashx-28.jpeg\" alt=\"\" class=\"wp-image-79\" srcset=\"https:\/\/vvelektro.cz\/wp-content\/uploads\/2022\/03\/Thumbnail.ashx-28.jpeg 500w, https:\/\/vvelektro.cz\/wp-content\/uploads\/2022\/03\/Thumbnail.ashx-28-300x153.jpeg 300w\" sizes=\"(max-width: 500px) 100vw, 500px\" \/><\/figure>\n\n\n\n<h2>ALO Diamonds servis &#8211; \u010dervenec 2019<\/h2>\n\n\n\n<p>Byla podeps\u00e1na servisn\u00ed smlouva s ALO Jewelry. Jsme v\u00fdhradn\u00ed servisn\u00ed spole\u010dnost pro v\u0161echny butiky spole\u010dnosti!<\/p>\n\n\n\n<figure class=\"wp-block-image size-large\"><img decoding=\"async\" loading=\"lazy\" width=\"500\" height=\"352\" src=\"http:\/\/romandvoracek.eu\/wp-content\/uploads\/2022\/03\/Thumbnail.ashx-29.jpeg\" alt=\"\" class=\"wp-image-78\" srcset=\"https:\/\/vvelektro.cz\/wp-content\/uploads\/2022\/03\/Thumbnail.ashx-29.jpeg 500w, https:\/\/vvelektro.cz\/wp-content\/uploads\/2022\/03\/Thumbnail.ashx-29-300x211.jpeg 300w\" sizes=\"(max-width: 500px) 100vw, 500px\" \/><\/figure>\n\n\n\n<h2>M\u0160 Lidick\u00e1 &#8211; \u010dervenec 2019<\/h2>\n\n\n\n<p>Rekonstrukce elektroinstalace v budov\u011b M\u0160 Lidick\u00e1.<\/p>\n\n\n\n<figure class=\"wp-block-image size-large\"><img decoding=\"async\" loading=\"lazy\" width=\"500\" height=\"333\" src=\"http:\/\/romandvoracek.eu\/wp-content\/uploads\/2022\/03\/Thumbnail.ashx-39.jpeg\" alt=\"60-lidicka.jpg\" class=\"wp-image-92\" srcset=\"https:\/\/vvelektro.cz\/wp-content\/uploads\/2022\/03\/Thumbnail.ashx-39.jpeg 500w, https:\/\/vvelektro.cz\/wp-content\/uploads\/2022\/03\/Thumbnail.ashx-39-300x200.jpeg 300w\" sizes=\"(max-width: 500px) 100vw, 500px\" \/><\/figure>\n\n\n\n<h2>MSSS Boskovice &#8211; \u010derven 2019<\/h2>\n\n\n\n<p>Rekonstrukce elektroinstalace v p\u0159\u00edzem\u00ed budovy.<\/p>\n\n\n\n<figure class=\"wp-block-image size-large\"><img decoding=\"async\" loading=\"lazy\" width=\"500\" height=\"375\" src=\"http:\/\/romandvoracek.eu\/wp-content\/uploads\/2022\/03\/Thumbnail.ashx-31.jpeg\" alt=\"\" class=\"wp-image-76\" srcset=\"https:\/\/vvelektro.cz\/wp-content\/uploads\/2022\/03\/Thumbnail.ashx-31.jpeg 500w, https:\/\/vvelektro.cz\/wp-content\/uploads\/2022\/03\/Thumbnail.ashx-31-300x225.jpeg 300w\" sizes=\"(max-width: 500px) 100vw, 500px\" \/><\/figure>\n\n\n\n<h2>Vila Divi\u0161ov &#8211; \u010derven 2019<\/h2>\n\n\n\n<p>Novostavba vily v Divi\u0161ov\u011b u Prahy. Architekt: Ing.arch.Jana Syrov\u00e1tkov\u00e1 &#8211; Barabica, s.r.o.<\/p>\n\n\n\n<p>Silnoproud\u00e9 a slaboproud\u00e9 instalace na kl\u00ed\u010d.<\/p>\n\n\n\n<figure class=\"wp-block-image size-large\"><img decoding=\"async\" loading=\"lazy\" width=\"500\" height=\"375\" src=\"http:\/\/romandvoracek.eu\/wp-content\/uploads\/2022\/03\/Thumbnail.ashx-32.jpeg\" alt=\"\" class=\"wp-image-75\" srcset=\"https:\/\/vvelektro.cz\/wp-content\/uploads\/2022\/03\/Thumbnail.ashx-32.jpeg 500w, https:\/\/vvelektro.cz\/wp-content\/uploads\/2022\/03\/Thumbnail.ashx-32-300x225.jpeg 300w\" sizes=\"(max-width: 500px) 100vw, 500px\" \/><\/figure>\n\n\n\n<h2>SVJ Sadov\u00e1 4, Boskovice &#8211; \u010derven 2019<\/h2>\n\n\n\n<p>Rekonstrukce a oprava elektrick\u00e9 instalace spole\u010dn\u00fdch prostor.<\/p>\n\n\n\n<p>Kompletn\u00ed v\u00fdm\u011bna elektrom\u011brov\u00fdch rozv\u00e1d\u011b\u010d\u016f.<\/p>\n\n\n\n<figure class=\"wp-block-image size-large\"><img decoding=\"async\" loading=\"lazy\" width=\"500\" height=\"375\" src=\"http:\/\/romandvoracek.eu\/wp-content\/uploads\/2022\/03\/Thumbnail.ashx-33.jpeg\" alt=\"\" class=\"wp-image-74\" srcset=\"https:\/\/vvelektro.cz\/wp-content\/uploads\/2022\/03\/Thumbnail.ashx-33.jpeg 500w, https:\/\/vvelektro.cz\/wp-content\/uploads\/2022\/03\/Thumbnail.ashx-33-300x225.jpeg 300w\" sizes=\"(max-width: 500px) 100vw, 500px\" \/><\/figure>\n\n\n\n<h2>Byty Pod st\u0159elnic\u00ed Boskovice &#8211; kv\u011bten 2019<\/h2>\n\n\n\n<p>Byla zapo\u010data akce v\u00fdstavby bytov\u00fdch dom\u016f Pod st\u0159elnic\u00ed. Dod\u00e1v\u00e1me silnoproud\u00e9 technologie pro Diverse Develop, s.r.o.<\/p>\n\n\n\n<figure class=\"wp-block-image size-large\"><img decoding=\"async\" loading=\"lazy\" width=\"500\" height=\"281\" src=\"http:\/\/romandvoracek.eu\/wp-content\/uploads\/2022\/03\/Thumbnail.ashx-34.jpeg\" alt=\"\" class=\"wp-image-73\" srcset=\"https:\/\/vvelektro.cz\/wp-content\/uploads\/2022\/03\/Thumbnail.ashx-34.jpeg 500w, https:\/\/vvelektro.cz\/wp-content\/uploads\/2022\/03\/Thumbnail.ashx-34-300x169.jpeg 300w\" sizes=\"(max-width: 500px) 100vw, 500px\" \/><\/figure>\n\n\n\n<h2>Z\u0160 Vod\u011brady (d\u011btsk\u00e1 skupina) &#8211; duben 2019<\/h2>\n\n\n\n<p>Pr\u00e1v\u011b realizujeme silnoproud\u00e9 a slaboproud\u00e9 rozvody ve \u0161kole Vod\u011brady, \u010d\u00e1st &#8222;D\u011btsk\u00e1 skupina&#8220;.<\/p>\n\n\n\n<figure class=\"wp-block-image size-large\"><img decoding=\"async\" loading=\"lazy\" width=\"500\" height=\"375\" src=\"http:\/\/romandvoracek.eu\/wp-content\/uploads\/2022\/03\/Thumbnail.ashx-35.jpeg\" alt=\"\" class=\"wp-image-72\" srcset=\"https:\/\/vvelektro.cz\/wp-content\/uploads\/2022\/03\/Thumbnail.ashx-35.jpeg 500w, https:\/\/vvelektro.cz\/wp-content\/uploads\/2022\/03\/Thumbnail.ashx-35-300x225.jpeg 300w\" sizes=\"(max-width: 500px) 100vw, 500px\" \/><\/figure>\n\n\n\n<h2>HALADA Ostrava a HALADA Bratislava &#8211; b\u0159ezen 2019<\/h2>\n\n\n\n<p>Nov\u011b p\u0159ipravovan\u00e9 butiky zna\u010dky HALADA &#8211; jsme p\u0159i tom! Jako hlavn\u00ed dodavatel\u00e9 elektroinstalace a technologi\u00ed na kl\u00ed\u010d&#8230;<\/p>\n\n\n\n<figure class=\"wp-block-image size-large\"><img decoding=\"async\" loading=\"lazy\" width=\"500\" height=\"375\" src=\"http:\/\/romandvoracek.eu\/wp-content\/uploads\/2022\/03\/Thumbnail.ashx-36.jpeg\" alt=\"\" class=\"wp-image-71\" srcset=\"https:\/\/vvelektro.cz\/wp-content\/uploads\/2022\/03\/Thumbnail.ashx-36.jpeg 500w, https:\/\/vvelektro.cz\/wp-content\/uploads\/2022\/03\/Thumbnail.ashx-36-300x225.jpeg 300w\" sizes=\"(max-width: 500px) 100vw, 500px\" \/><\/figure>\n\n\n\n<h2>S+C ALFANAMETAL Tr\u0161ice &#8211; leden 2019<\/h2>\n\n\n\n<p>Dokon\u010dena zak\u00e1zka pro sl\u00e9v\u00e1rnu v Tr\u0161ic\u00edch. V\u00fdm\u011bna transform\u00e1toru, osazen\u00ed nov\u00e9ho odp\u00edna\u010de a ochrany ABB.<\/p>\n\n\n\n<figure class=\"wp-block-image size-large\"><img decoding=\"async\" loading=\"lazy\" width=\"232\" height=\"310\" src=\"http:\/\/romandvoracek.eu\/wp-content\/uploads\/2022\/03\/Thumbnail.ashx-37.jpeg\" alt=\"\" class=\"wp-image-70\" srcset=\"https:\/\/vvelektro.cz\/wp-content\/uploads\/2022\/03\/Thumbnail.ashx-37.jpeg 232w, https:\/\/vvelektro.cz\/wp-content\/uploads\/2022\/03\/Thumbnail.ashx-37-225x300.jpeg 225w\" sizes=\"(max-width: 232px) 100vw, 232px\" \/><\/figure>\n\n\n\n<h2>VO\u0160 a S\u0160 Boskovice &#8211; \u010dervenec 2018<\/h2>\n\n\n\n<p>Rekonstrukce elektroinstalace v hlavn\u00ed budov\u011b.<\/p>\n\n\n\n<figure class=\"wp-block-image size-large\"><img decoding=\"async\" loading=\"lazy\" width=\"500\" height=\"375\" src=\"http:\/\/romandvoracek.eu\/wp-content\/uploads\/2022\/03\/Thumbnail.ashx-38.jpeg\" alt=\"\" class=\"wp-image-69\" srcset=\"https:\/\/vvelektro.cz\/wp-content\/uploads\/2022\/03\/Thumbnail.ashx-38.jpeg 500w, https:\/\/vvelektro.cz\/wp-content\/uploads\/2022\/03\/Thumbnail.ashx-38-300x225.jpeg 300w\" sizes=\"(max-width: 500px) 100vw, 500px\" \/><\/figure>\n","protected":false},"excerpt":{"rendered":"<p>Jan\u00e1\u010dkova vila Boskovice &#8211; 2025 Zapo\u010dali jsme s rekonstrukc\u00ed elektroinstalac\u00ed v historick\u00e9m objektu Jan\u00e1\u010dkovy vily. Rezidence Rostislavovo n\u00e1m\u011bst\u00ed v&nbsp;Kr\u00e1lov\u011b Poli, Brno &#8211; 2024-2025 Realizujeme silnoproud\u00e9 a slaboproud\u00e9 rozvody v projektu spole\u010dnosti Diverse Develop. Rekonstrukce osv\u011btlen\u00ed kinos\u00e1lu Panorama Boskovice &#8211; listopad 2024 V\u00fdm\u011bna st\u00e1vaj\u00edc\u00edho osv\u011btlen\u00ed za designov\u00e9 podsv\u00edcen\u00ed LED. V\u00e1noce jsou tu! V\u00e1no\u010dn\u00ed v\u00fdzdoba boskovick\u00e9ho n\u00e1m\u011bst\u00ed [&hellip;]<\/p>\n","protected":false},"author":1,"featured_media":65,"parent":0,"menu_order":0,"comment_status":"closed","ping_status":"closed","template":"","meta":[],"_links":{"self":[{"href":"https:\/\/vvelektro.cz\/index.php?rest_route=\/wp\/v2\/pages\/50"}],"collection":[{"href":"https:\/\/vvelektro.cz\/index.php?rest_route=\/wp\/v2\/pages"}],"about":[{"href":"https:\/\/vvelektro.cz\/index.php?rest_route=\/wp\/v2\/types\/page"}],"author":[{"embeddable":true,"href":"https:\/\/vvelektro.cz\/index.php?rest_route=\/wp\/v2\/users\/1"}],"replies":[{"embeddable":true,"href":"https:\/\/vvelektro.cz\/index.php?rest_route=%2Fwp%2Fv2%2Fcomments&post=50"}],"version-history":[{"count":35,"href":"https:\/\/vvelektro.cz\/index.php?rest_route=\/wp\/v2\/pages\/50\/revisions"}],"predecessor-version":[{"id":209,"href":"https:\/\/vvelektro.cz\/index.php?rest_route=\/wp\/v2\/pages\/50\/revisions\/209"}],"wp:featuredmedia":[{"embeddable":true,"href":"https:\/\/vvelektro.cz\/index.php?rest_route=\/wp\/v2\/media\/65"}],"wp:attachment":[{"href":"https:\/\/vvelektro.cz\/index.php?rest_route=%2Fwp%2Fv2%2Fmedia&parent=50"}],"curies":[{"name":"wp","href":"https:\/\/api.w.org\/{rel}","templated":true}]}}